{"id":2146,"date":"2024-09-20T14:17:59","date_gmt":"2024-09-20T17:17:59","guid":{"rendered":"https:\/\/lulimalabel.com.br\/?post_type=product&#038;p=2146"},"modified":"2025-06-02T16:24:20","modified_gmt":"2025-06-02T19:24:20","slug":"blazer-helena-jeans","status":"publish","type":"product","link":"https:\/\/br9.kangaroo.srv.br\/~lulimabr\/loja\/blazer-helena-jeans\/","title":{"rendered":"Blazer Helena Jeans"},"content":{"rendered":"","protected":false},"excerpt":{"rendered":"<p>O Blazer Helena Jeans encanta com sua tonalidade azul escuro e textura mesclada. Feito em algod\u00e3o e canh\u00e2mo com caimento ajustado ao corpo, combina estrutura e visual moderno. Possui lapela cl\u00e1ssica, ombros marcados e bot\u00f5es frontais piramidais, que adicionam personalidade \u00e0 pe\u00e7a.<\/p>\n<p>O recorte frontal alongado valoriza a silhueta, podendo ser usado solto ou com cinto. O grande diferencial est\u00e1 na fus\u00e3o entre alfaiataria e tecido jeans \u2014 ideal para jantares informais, eventos urbanos ou produ\u00e7\u00f5es ousadas e sofisticadas.<\/p>\n<p>Composi\u00e7\u00e3o: 77% algod\u00e3o, 23% c\u00e2nhamo e forro 100% algod\u00e3o<\/p>\n<p>Modelo Veste PP<\/p>\n","protected":false},"featured_media":2294,"template":"","meta":{"_acf_changed":false,"inline_featured_image":false},"product_brand":[],"product_cat":[21,137,62],"product_tag":[91],"class_list":["post-2146","product","type-product","status-publish","has-post-thumbnail","product_cat-blazers","product_cat-categorias-lu-lima","product_cat-outlet","product_tag-colecao-jardim-secreto","first","instock","featured","sold-individually","shipping-taxable","purchasable","product-type-variable"],"acf":[],"yoast_head":"<!-- This site is optimized with the Yoast SEO plugin v25.6 - https:\/\/yoast.com\/wordpress\/plugins\/seo\/ -->\n<title>Blazer Helena Jeans - Lu Lima Label<\/title>\n<meta name=\"description\" content=\"Blazer jeans feminino com corte alfaiatado, bot\u00f5es azuis exclusivos em tons de azul. Sofistica\u00e7\u00e3o moderna para looks casuais com presen\u00e7a.\" \/>\n<meta name=\"robots\" content=\"noindex, follow, max-snippet:-1, max-image-preview:large, max-video-preview:-1\" \/>\n<meta property=\"og:locale\" content=\"pt_BR\" \/>\n<meta property=\"og:type\" content=\"article\" \/>\n<meta property=\"og:title\" content=\"Blazer Helena Jeans - Lu Lima Label\" \/>\n<meta property=\"og:description\" content=\"Blazer jeans feminino com corte alfaiatado, bot\u00f5es azuis exclusivos em tons de azul. Sofistica\u00e7\u00e3o moderna para looks casuais com presen\u00e7a.\" \/>\n<meta property=\"og:url\" content=\"https:\/\/br9.kangaroo.srv.br\/~lulimabr\/loja\/blazer-helena-jeans\/\" \/>\n<meta property=\"og:site_name\" content=\"Lu Lima Label\" \/>\n<meta property=\"article:publisher\" content=\"https:\/\/www.facebook.com\/lulimabrand\" \/>\n<meta property=\"article:modified_time\" content=\"2025-06-02T19:24:20+00:00\" \/>\n<meta property=\"og:image\" content=\"https:\/\/br9.kangaroo.srv.br\/~lulimabr\/wp-content\/uploads\/2024\/09\/LU-LIMA-14.09.245665-scaled.jpg\" \/>\n\t<meta property=\"og:image:width\" content=\"1707\" \/>\n\t<meta property=\"og:image:height\" content=\"2560\" \/>\n\t<meta property=\"og:image:type\" content=\"image\/jpeg\" \/>\n<meta name=\"twitter:card\" content=\"summary_large_image\" \/>\n<meta name=\"twitter:label1\" content=\"Est. tempo de leitura\" \/>\n\t<meta name=\"twitter:data1\" content=\"1 minuto\" \/>\n<script type=\"application\/ld+json\" class=\"yoast-schema-graph\">{\"@context\":\"https:\/\/schema.org\",\"@graph\":[{\"@type\":\"WebPage\",\"@id\":\"https:\/\/br9.kangaroo.srv.br\/~lulimabr\/loja\/blazer-helena-jeans\/\",\"url\":\"https:\/\/br9.kangaroo.srv.br\/~lulimabr\/loja\/blazer-helena-jeans\/\",\"name\":\"Blazer Helena Jeans - Lu Lima Label\",\"isPartOf\":{\"@id\":\"https:\/\/br9.kangaroo.srv.br\/~lulimabr\/#website\"},\"primaryImageOfPage\":{\"@id\":\"https:\/\/br9.kangaroo.srv.br\/~lulimabr\/loja\/blazer-helena-jeans\/#primaryimage\"},\"image\":{\"@id\":\"https:\/\/br9.kangaroo.srv.br\/~lulimabr\/loja\/blazer-helena-jeans\/#primaryimage\"},\"thumbnailUrl\":\"https:\/\/br9.kangaroo.srv.br\/~lulimabr\/wp-content\/uploads\/2024\/09\/LU-LIMA-14.09.245665-scaled.jpg\",\"datePublished\":\"2024-09-20T17:17:59+00:00\",\"dateModified\":\"2025-06-02T19:24:20+00:00\",\"description\":\"Blazer jeans feminino com corte alfaiatado, bot\u00f5es azuis exclusivos em tons de azul. Sofistica\u00e7\u00e3o moderna para looks casuais com presen\u00e7a.\",\"breadcrumb\":{\"@id\":\"https:\/\/br9.kangaroo.srv.br\/~lulimabr\/loja\/blazer-helena-jeans\/#breadcrumb\"},\"inLanguage\":\"pt-BR\",\"potentialAction\":[{\"@type\":\"ReadAction\",\"target\":[\"https:\/\/br9.kangaroo.srv.br\/~lulimabr\/loja\/blazer-helena-jeans\/\"]}]},{\"@type\":\"ImageObject\",\"inLanguage\":\"pt-BR\",\"@id\":\"https:\/\/br9.kangaroo.srv.br\/~lulimabr\/loja\/blazer-helena-jeans\/#primaryimage\",\"url\":\"https:\/\/br9.kangaroo.srv.br\/~lulimabr\/wp-content\/uploads\/2024\/09\/LU-LIMA-14.09.245665-scaled.jpg\",\"contentUrl\":\"https:\/\/br9.kangaroo.srv.br\/~lulimabr\/wp-content\/uploads\/2024\/09\/LU-LIMA-14.09.245665-scaled.jpg\",\"width\":1707,\"height\":2560,\"caption\":\"Blazer Helena Jeans feminino azul escuro com lapela cl\u00e1ssica, bot\u00f5es quadrados e recorte frontal alongado. Com cinto de corrente amarrado na cintura.\"},{\"@type\":\"BreadcrumbList\",\"@id\":\"https:\/\/br9.kangaroo.srv.br\/~lulimabr\/loja\/blazer-helena-jeans\/#breadcrumb\",\"itemListElement\":[{\"@type\":\"ListItem\",\"position\":1,\"name\":\"In\u00edcio\",\"item\":\"https:\/\/br9.kangaroo.srv.br\/~lulimabr\/\"},{\"@type\":\"ListItem\",\"position\":2,\"name\":\"Loja\",\"item\":\"https:\/\/br9.kangaroo.srv.br\/~lulimabr\/loja\/\"},{\"@type\":\"ListItem\",\"position\":3,\"name\":\"Blazer Helena Jeans\"}]},{\"@type\":\"WebSite\",\"@id\":\"https:\/\/br9.kangaroo.srv.br\/~lulimabr\/#website\",\"url\":\"https:\/\/br9.kangaroo.srv.br\/~lulimabr\/\",\"name\":\"Lu Lima Label\",\"description\":\"\",\"publisher\":{\"@id\":\"https:\/\/br9.kangaroo.srv.br\/~lulimabr\/#organization\"},\"potentialAction\":[{\"@type\":\"SearchAction\",\"target\":{\"@type\":\"EntryPoint\",\"urlTemplate\":\"https:\/\/br9.kangaroo.srv.br\/~lulimabr\/?s={search_term_string}\"},\"query-input\":{\"@type\":\"PropertyValueSpecification\",\"valueRequired\":true,\"valueName\":\"search_term_string\"}}],\"inLanguage\":\"pt-BR\"},{\"@type\":\"Organization\",\"@id\":\"https:\/\/br9.kangaroo.srv.br\/~lulimabr\/#organization\",\"name\":\"Lu Lima Label\",\"url\":\"https:\/\/br9.kangaroo.srv.br\/~lulimabr\/\",\"logo\":{\"@type\":\"ImageObject\",\"inLanguage\":\"pt-BR\",\"@id\":\"https:\/\/br9.kangaroo.srv.br\/~lulimabr\/#\/schema\/logo\/image\/\",\"url\":\"http:\/\/lulimalabel.com.br\/wp-content\/uploads\/2023\/07\/lulima.png\",\"contentUrl\":\"http:\/\/lulimalabel.com.br\/wp-content\/uploads\/2023\/07\/lulima.png\",\"width\":157,\"height\":45,\"caption\":\"Lu Lima Label\"},\"image\":{\"@id\":\"https:\/\/br9.kangaroo.srv.br\/~lulimabr\/#\/schema\/logo\/image\/\"},\"sameAs\":[\"https:\/\/www.facebook.com\/lulimabrand\",\"https:\/\/www.instagram.com\/lulimabrand\"]}]}<\/script>\n<!-- \/ Yoast SEO plugin. -->","yoast_head_json":{"title":"Blazer Helena Jeans - Lu Lima Label","description":"Blazer jeans feminino com corte alfaiatado, bot\u00f5es azuis exclusivos em tons de azul. Sofistica\u00e7\u00e3o moderna para looks casuais com presen\u00e7a.","robots":{"index":"noindex","follow":"follow","max-snippet":"max-snippet:-1","max-image-preview":"max-image-preview:large","max-video-preview":"max-video-preview:-1"},"og_locale":"pt_BR","og_type":"article","og_title":"Blazer Helena Jeans - Lu Lima Label","og_description":"Blazer jeans feminino com corte alfaiatado, bot\u00f5es azuis exclusivos em tons de azul. Sofistica\u00e7\u00e3o moderna para looks casuais com presen\u00e7a.","og_url":"https:\/\/br9.kangaroo.srv.br\/~lulimabr\/loja\/blazer-helena-jeans\/","og_site_name":"Lu Lima Label","article_publisher":"https:\/\/www.facebook.com\/lulimabrand","article_modified_time":"2025-06-02T19:24:20+00:00","og_image":[{"width":1707,"height":2560,"url":"https:\/\/br9.kangaroo.srv.br\/~lulimabr\/wp-content\/uploads\/2024\/09\/LU-LIMA-14.09.245665-scaled.jpg","type":"image\/jpeg"}],"twitter_card":"summary_large_image","twitter_misc":{"Est. tempo de leitura":"1 minuto"},"schema":{"@context":"https:\/\/schema.org","@graph":[{"@type":"WebPage","@id":"https:\/\/br9.kangaroo.srv.br\/~lulimabr\/loja\/blazer-helena-jeans\/","url":"https:\/\/br9.kangaroo.srv.br\/~lulimabr\/loja\/blazer-helena-jeans\/","name":"Blazer Helena Jeans - Lu Lima Label","isPartOf":{"@id":"https:\/\/br9.kangaroo.srv.br\/~lulimabr\/#website"},"primaryImageOfPage":{"@id":"https:\/\/br9.kangaroo.srv.br\/~lulimabr\/loja\/blazer-helena-jeans\/#primaryimage"},"image":{"@id":"https:\/\/br9.kangaroo.srv.br\/~lulimabr\/loja\/blazer-helena-jeans\/#primaryimage"},"thumbnailUrl":"https:\/\/br9.kangaroo.srv.br\/~lulimabr\/wp-content\/uploads\/2024\/09\/LU-LIMA-14.09.245665-scaled.jpg","datePublished":"2024-09-20T17:17:59+00:00","dateModified":"2025-06-02T19:24:20+00:00","description":"Blazer jeans feminino com corte alfaiatado, bot\u00f5es azuis exclusivos em tons de azul. Sofistica\u00e7\u00e3o moderna para looks casuais com presen\u00e7a.","breadcrumb":{"@id":"https:\/\/br9.kangaroo.srv.br\/~lulimabr\/loja\/blazer-helena-jeans\/#breadcrumb"},"inLanguage":"pt-BR","potentialAction":[{"@type":"ReadAction","target":["https:\/\/br9.kangaroo.srv.br\/~lulimabr\/loja\/blazer-helena-jeans\/"]}]},{"@type":"ImageObject","inLanguage":"pt-BR","@id":"https:\/\/br9.kangaroo.srv.br\/~lulimabr\/loja\/blazer-helena-jeans\/#primaryimage","url":"https:\/\/br9.kangaroo.srv.br\/~lulimabr\/wp-content\/uploads\/2024\/09\/LU-LIMA-14.09.245665-scaled.jpg","contentUrl":"https:\/\/br9.kangaroo.srv.br\/~lulimabr\/wp-content\/uploads\/2024\/09\/LU-LIMA-14.09.245665-scaled.jpg","width":1707,"height":2560,"caption":"Blazer Helena Jeans feminino azul escuro com lapela cl\u00e1ssica, bot\u00f5es quadrados e recorte frontal alongado. Com cinto de corrente amarrado na cintura."},{"@type":"BreadcrumbList","@id":"https:\/\/br9.kangaroo.srv.br\/~lulimabr\/loja\/blazer-helena-jeans\/#breadcrumb","itemListElement":[{"@type":"ListItem","position":1,"name":"In\u00edcio","item":"https:\/\/br9.kangaroo.srv.br\/~lulimabr\/"},{"@type":"ListItem","position":2,"name":"Loja","item":"https:\/\/br9.kangaroo.srv.br\/~lulimabr\/loja\/"},{"@type":"ListItem","position":3,"name":"Blazer Helena Jeans"}]},{"@type":"WebSite","@id":"https:\/\/br9.kangaroo.srv.br\/~lulimabr\/#website","url":"https:\/\/br9.kangaroo.srv.br\/~lulimabr\/","name":"Lu Lima Label","description":"","publisher":{"@id":"https:\/\/br9.kangaroo.srv.br\/~lulimabr\/#organization"},"potentialAction":[{"@type":"SearchAction","target":{"@type":"EntryPoint","urlTemplate":"https:\/\/br9.kangaroo.srv.br\/~lulimabr\/?s={search_term_string}"},"query-input":{"@type":"PropertyValueSpecification","valueRequired":true,"valueName":"search_term_string"}}],"inLanguage":"pt-BR"},{"@type":"Organization","@id":"https:\/\/br9.kangaroo.srv.br\/~lulimabr\/#organization","name":"Lu Lima Label","url":"https:\/\/br9.kangaroo.srv.br\/~lulimabr\/","logo":{"@type":"ImageObject","inLanguage":"pt-BR","@id":"https:\/\/br9.kangaroo.srv.br\/~lulimabr\/#\/schema\/logo\/image\/","url":"http:\/\/lulimalabel.com.br\/wp-content\/uploads\/2023\/07\/lulima.png","contentUrl":"http:\/\/lulimalabel.com.br\/wp-content\/uploads\/2023\/07\/lulima.png","width":157,"height":45,"caption":"Lu Lima Label"},"image":{"@id":"https:\/\/br9.kangaroo.srv.br\/~lulimabr\/#\/schema\/logo\/image\/"},"sameAs":["https:\/\/www.facebook.com\/lulimabrand","https:\/\/www.instagram.com\/lulimabrand"]}]}},"jetpack_sharing_enabled":true,"_links":{"self":[{"href":"https:\/\/br9.kangaroo.srv.br\/~lulimabr\/wp-json\/wp\/v2\/product\/2146","targetHints":{"allow":["GET"]}}],"collection":[{"href":"https:\/\/br9.kangaroo.srv.br\/~lulimabr\/wp-json\/wp\/v2\/product"}],"about":[{"href":"https:\/\/br9.kangaroo.srv.br\/~lulimabr\/wp-json\/wp\/v2\/types\/product"}],"wp:featuredmedia":[{"embeddable":true,"href":"https:\/\/br9.kangaroo.srv.br\/~lulimabr\/wp-json\/wp\/v2\/media\/2294"}],"wp:attachment":[{"href":"https:\/\/br9.kangaroo.srv.br\/~lulimabr\/wp-json\/wp\/v2\/media?parent=2146"}],"wp:term":[{"taxonomy":"product_brand","embeddable":true,"href":"https:\/\/br9.kangaroo.srv.br\/~lulimabr\/wp-json\/wp\/v2\/product_brand?post=2146"},{"taxonomy":"product_cat","embeddable":true,"href":"https:\/\/br9.kangaroo.srv.br\/~lulimabr\/wp-json\/wp\/v2\/product_cat?post=2146"},{"taxonomy":"product_tag","embeddable":true,"href":"https:\/\/br9.kangaroo.srv.br\/~lulimabr\/wp-json\/wp\/v2\/product_tag?post=2146"}],"curies":[{"name":"wp","href":"https:\/\/api.w.org\/{rel}","templated":true}]}}